{"id":5777,"date":"2017-09-04T19:49:06","date_gmt":"2017-09-04T19:49:06","guid":{"rendered":"http:\/\/themenectar.com\/demo\/salient-blog-ultimate\/?page_id=4"},"modified":"2017-09-04T19:49:06","modified_gmt":"2017-09-04T19:49:06","slug":"ultimate-blog-landing","status":"publish","type":"page","link":"https:\/\/www.pdparacas.com.pe\/blog\/","title":{"rendered":"Ultimate Blog Landing"},"content":{"rendered":"[vc_row type=\u00bbfull_width_content\u00bb full_screen_row_position=\u00bbmiddle\u00bb scene_position=\u00bbcenter\u00bb text_color=\u00bbdark\u00bb text_align=\u00bbleft\u00bb overlay_strength=\u00bb0.3&#8243; shape_divider_position=\u00bbbottom\u00bb shape_type=\u00bb\u00bb][vc_column column_padding=\u00bbno-extra-padding\u00bb column_padding_position=\u00bball\u00bb background_color_opacity=\u00bb1&#8243; background_hover_color_opacity=\u00bb1&#8243; column_link_target=\u00bb_self\u00bb column_shadow=\u00bbnone\u00bb column_border_radius=\u00bbnone\u00bb width=\u00bb1\/1&#8243; tablet_width_inherit=\u00bbdefault\u00bb tablet_text_alignment=\u00bbdefault\u00bb phone_text_alignment=\u00bbdefault\u00bb column_border_width=\u00bbnone\u00bb column_border_style=\u00bbsolid\u00bb]    \r\n    <div id=\"rps_69f5e92c9b8e6\" class=\"nectar-recent-posts-single_featured multiple_featured parallax_section\" data-button-color=\"accent-color\" data-nav-location=\"side\" data-bg-overlay=\"solid_color\" data-padding=\"14%\" data-autorotate=\"8000\" data-height=\"600\" data-animate-in-effect=\"zoom-out\"> \r\n         \r\n        <div class=\"nectar-recent-post-slide no-bg-img active post-ref-0\">\r\n \r\n          <div class=\"row-bg using-image\" data-parallax-speed=\"fast\"><div class=\"nectar-recent-post-bg\" style=\"  background-image: url(http:\/\/www.pdparacas.com.pe\/blog\/wp-content\/uploads\/2021\/06\/RO-RO.jpg);\" > <\/div><\/div>\r\n \r\n          <div class=\"recent-post-container container\"><div class=\"inner-wrap\"><div class=\"grav-wrap\"><a href=\"https:\/\/www.pdparacas.com.pe\/blog\/author\/s-reyespdparacas-com-pe\/\"><img alt='Samuel Reyes' src='https:\/\/secure.gravatar.com\/avatar\/40a2c27a4520da1b7f58e63ff303a47b?s=70&#038;d=mm&#038;r=g' srcset='https:\/\/secure.gravatar.com\/avatar\/40a2c27a4520da1b7f58e63ff303a47b?s=140&#038;d=mm&#038;r=g 2x' class='avatar avatar-70 photo' height='70' width='70' loading='lazy'\/><\/a><div class=\"text\"><span>Por <a href=\"https:\/\/www.pdparacas.com.pe\/blog\/author\/s-reyespdparacas-com-pe\/\" rel=\"author\">Samuel Reyes<\/a><\/span><span> En<\/span> <a class=\"negocios-responsables\" href=\"https:\/\/www.pdparacas.com.pe\/blog\/category\/negocios-responsables\/\"><span class=\"negocios-responsables\">Negocios responsables<\/span><\/a><\/div><\/div>          \r\n            <h2 class=\"post-ref-1\"><a href=\"https:\/\/www.pdparacas.com.pe\/blog\/puerto-de-paracas-realizo-charla-de-sensibilizacion-dirigida-a-mas-de-60-transportistas-de-carga\/\" class=\"full-slide-link\"> PUERTO DE PARACAS REALIZ\u00d3 CHARLA DE SENSIBILIZACI\u00d3N DIRIGIDA A M\u00c1S DE 60 TRANSPORTISTAS DE CARGA <\/a><\/h2>\r\n            \r\n                        <a class=\"nectar-button large regular accent-color regular-button has-icon\" href=\"https:\/\/www.pdparacas.com.pe\/blog\/puerto-de-paracas-realizo-charla-de-sensibilizacion-dirigida-a-mas-de-60-transportistas-de-carga\/\" data-color-override=\"false\" data-hover-color-override=\"false\" data-hover-text-color-override=\"#fff\" ><span>Leer Art\u00edculo <\/span><i class=\"icon-button-arrow\"><\/i><\/a>\r\n            \r\n          \r\n          <\/div><\/div><\/div>\r\n \r\n         \r\n     \r\n         \r\n        <div class=\"nectar-recent-post-slide no-bg-img  post-ref-2\">\r\n \r\n          <div class=\"row-bg using-image\" data-parallax-speed=\"fast\"><div class=\"nectar-recent-post-bg\" style=\"  background-image: url(http:\/\/www.pdparacas.com.pe\/blog\/wp-content\/uploads\/2021\/06\/RO-RO.jpg);\" > <\/div><\/div>\r\n \r\n          <div class=\"recent-post-container container\"><div class=\"inner-wrap\"><div class=\"grav-wrap\"><a href=\"https:\/\/www.pdparacas.com.pe\/blog\/author\/s-reyespdparacas-com-pe\/\"><img alt='Samuel Reyes' src='https:\/\/secure.gravatar.com\/avatar\/40a2c27a4520da1b7f58e63ff303a47b?s=70&#038;d=mm&#038;r=g' srcset='https:\/\/secure.gravatar.com\/avatar\/40a2c27a4520da1b7f58e63ff303a47b?s=140&#038;d=mm&#038;r=g 2x' class='avatar avatar-70 photo' height='70' width='70' loading='lazy'\/><\/a><div class=\"text\"><span>Por <a href=\"https:\/\/www.pdparacas.com.pe\/blog\/author\/s-reyespdparacas-com-pe\/\" rel=\"author\">Samuel Reyes<\/a><\/span><span> En<\/span> <a class=\"negocios-responsables\" href=\"https:\/\/www.pdparacas.com.pe\/blog\/category\/negocios-responsables\/\"><span class=\"negocios-responsables\">Negocios responsables<\/span><\/a><\/div><\/div>          \r\n            <h2 class=\"post-ref-1\"><a href=\"https:\/\/www.pdparacas.com.pe\/blog\/comunidad-de-pisco-visito-unidades-navales-que-arribaron-a-nuestro-puerto-de-paracas\/\" class=\"full-slide-link\"> COMUNIDAD DE PISCO VISIT\u00d3 UNIDADES NAVALES QUE ARRIBARON A NUESTRO PUERTO DE PARACAS. <\/a><\/h2>\r\n            \r\n                        <a class=\"nectar-button large regular accent-color regular-button has-icon\" href=\"https:\/\/www.pdparacas.com.pe\/blog\/comunidad-de-pisco-visito-unidades-navales-que-arribaron-a-nuestro-puerto-de-paracas\/\" data-color-override=\"false\" data-hover-color-override=\"false\" data-hover-text-color-override=\"#fff\" ><span>Leer Art\u00edculo <\/span><i class=\"icon-button-arrow\"><\/i><\/a>\r\n            \r\n          \r\n          <\/div><\/div><\/div>\r\n \r\n         \r\n     \r\n         \r\n        <div class=\"nectar-recent-post-slide no-bg-img  post-ref-2\">\r\n \r\n          <div class=\"row-bg using-image\" data-parallax-speed=\"fast\"><div class=\"nectar-recent-post-bg\" style=\"  background-image: url(http:\/\/www.pdparacas.com.pe\/blog\/wp-content\/uploads\/2021\/06\/RO-RO.jpg);\" > <\/div><\/div>\r\n \r\n          <div class=\"recent-post-container container\"><div class=\"inner-wrap\"><div class=\"grav-wrap\"><a href=\"https:\/\/www.pdparacas.com.pe\/blog\/author\/s-reyespdparacas-com-pe\/\"><img alt='Samuel Reyes' src='https:\/\/secure.gravatar.com\/avatar\/40a2c27a4520da1b7f58e63ff303a47b?s=70&#038;d=mm&#038;r=g' srcset='https:\/\/secure.gravatar.com\/avatar\/40a2c27a4520da1b7f58e63ff303a47b?s=140&#038;d=mm&#038;r=g 2x' class='avatar avatar-70 photo' height='70' width='70' loading='lazy'\/><\/a><div class=\"text\"><span>Por <a href=\"https:\/\/www.pdparacas.com.pe\/blog\/author\/s-reyespdparacas-com-pe\/\" rel=\"author\">Samuel Reyes<\/a><\/span><span> En<\/span> <a class=\"negocios-responsables\" href=\"https:\/\/www.pdparacas.com.pe\/blog\/category\/negocios-responsables\/\"><span class=\"negocios-responsables\">Negocios responsables<\/span><\/a><\/div><\/div>          \r\n            <h2 class=\"post-ref-1\"><a href=\"https:\/\/www.pdparacas.com.pe\/blog\/cesar-rojas-gerente-de-operaciones-de-puerto-de-paracas-destaco-la-versatilidad-eficiencia-y-modernidad-de-nuestro-terminal-en-una-charla-organizada-por-el-capitulo-de-la-certificacion-basc-en-peru\/\" class=\"full-slide-link\"> C\u00c9SAR ROJAS, GERENTE DE OPERACIONES DE PUERTO DE PARACAS, DESTAC\u00d3 LA VERSATILIDAD, EFICIENCIA Y MODERNIDAD DE NUESTRO TERMINAL EN UNA CHARLA ORGANIZADA POR EL CAP\u00cdTULO DE LA CERTIFICACI\u00d3N BASC EN PER\u00da. <\/a><\/h2>\r\n            \r\n                        <a class=\"nectar-button large regular accent-color regular-button has-icon\" href=\"https:\/\/www.pdparacas.com.pe\/blog\/cesar-rojas-gerente-de-operaciones-de-puerto-de-paracas-destaco-la-versatilidad-eficiencia-y-modernidad-de-nuestro-terminal-en-una-charla-organizada-por-el-capitulo-de-la-certificacion-basc-en-peru\/\" data-color-override=\"false\" data-hover-color-override=\"false\" data-hover-text-color-override=\"#fff\" ><span>Leer Art\u00edculo <\/span><i class=\"icon-button-arrow\"><\/i><\/a>\r\n            \r\n          \r\n          <\/div><\/div><\/div>\r\n \r\n         \r\n    <\/div>[\/vc_column][\/vc_row][vc_row type=\u00bbin_container\u00bb full_screen_row_position=\u00bbmiddle\u00bb scene_position=\u00bbcenter\u00bb text_color=\u00bbdark\u00bb text_align=\u00bbleft\u00bb overlay_strength=\u00bb0.3&#8243; shape_divider_position=\u00bbbottom\u00bb][vc_column column_padding=\u00bbno-extra-padding\u00bb column_padding_position=\u00bball\u00bb background_color_opacity=\u00bb1&#8243; background_hover_color_opacity=\u00bb1&#8243; column_link_target=\u00bb_self\u00bb column_shadow=\u00bbnone\u00bb column_border_radius=\u00bbnone\u00bb top_margin=\u00bb-5%\u00bb width=\u00bb1\/1&#8243; tablet_width_inherit=\u00bbdefault\u00bb tablet_text_alignment=\u00bbdefault\u00bb phone_text_alignment=\u00bbdefault\u00bb column_border_width=\u00bbnone\u00bb column_border_style=\u00bbsolid\u00bb]\t\r\n\t<div class=\"row\">\r\n\t\r\n\t <div class=\"post-area col  span_12 col_last masonry material  \" data-ams=\"\"> <div class=\"posts-container\" data-load-animation=\"perspective\">\t\t\t\t\r\n\t\t\t\t\n<article id=\"post-7692\" class=\"regular masonry-blog-item post-7692 post type-post status-publish format-standard has-post-thumbnail category-negocios-responsables tag-puerto-de-paracas\">\n\n\t<div class=\"inner-wrap animated\">\n\n\t\t<div class=\"post-content\">\n\t\t\t\n\t\t\t\t\t\t\t\n\t\t\t\t\t\t\t\t\n\t\t\t\t\t\t\t\t\n\t\t\t\t\t\t\n\t\t\t\n\n\t\t\t\n\t\t\t\t<div class=\"content-inner\">\n\t\t\t\t\t\n\t\t\t\t\t <a class=\"entire-meta-link\" href=\"https:\/\/www.pdparacas.com.pe\/blog\/el-puerto-de-paracas-participo-de-la-exposicion-artistica-principio-y-fin-del-absoluto-del-fotografo-javier-carnero-en-el-museo-regional-de-ica\/\"><\/a><a href=\"https:\/\/www.pdparacas.com.pe\/blog\/el-puerto-de-paracas-participo-de-la-exposicion-artistica-principio-y-fin-del-absoluto-del-fotografo-javier-carnero-en-el-museo-regional-de-ica\/\"><span class=\"post-featured-img\"><img width=\"800\" height=\"800\" src=\"https:\/\/www.pdparacas.com.pe\/blog\/wp-content\/uploads\/2024\/02\/13-02-24-1.jpg\" class=\"attachment-large size-large skip-lazy wp-post-image\" alt=\"\" loading=\"lazy\" title=\"\" srcset=\"https:\/\/www.pdparacas.com.pe\/blog\/wp-content\/uploads\/2024\/02\/13-02-24-1.jpg 800w, https:\/\/www.pdparacas.com.pe\/blog\/wp-content\/uploads\/2024\/02\/13-02-24-1-300x300.jpg 300w, https:\/\/www.pdparacas.com.pe\/blog\/wp-content\/uploads\/2024\/02\/13-02-24-1-150x150.jpg 150w, https:\/\/www.pdparacas.com.pe\/blog\/wp-content\/uploads\/2024\/02\/13-02-24-1-768x768.jpg 768w, https:\/\/www.pdparacas.com.pe\/blog\/wp-content\/uploads\/2024\/02\/13-02-24-1-100x100.jpg 100w, https:\/\/www.pdparacas.com.pe\/blog\/wp-content\/uploads\/2024\/02\/13-02-24-1-140x140.jpg 140w, https:\/\/www.pdparacas.com.pe\/blog\/wp-content\/uploads\/2024\/02\/13-02-24-1-500x500.jpg 500w, https:\/\/www.pdparacas.com.pe\/blog\/wp-content\/uploads\/2024\/02\/13-02-24-1-350x350.jpg 350w\" sizes=\"(max-width: 800px) 100vw, 800px\" \/><\/span><\/a>\t\t\t\t\t\n\t\t\t\t\t\t\t\t\t\t\t\n\t\t\t\t\t\t\n\t\t\t\t\t\t\t\n\t\t\t\t\t\t<span class=\"meta-category\"><a class=\"negocios-responsables\" href=\"https:\/\/www.pdparacas.com.pe\/blog\/category\/negocios-responsables\/\">Negocios responsables<\/a><\/span>\n\t\t\t\t\t\t<div class=\"article-content-wrap\">\n\t\t\t\t\t\t\t\n\t\t\t\t\t\t\t\t\t\t\t\t\t\t\t\t\t\t\n\t\t\t\t\t\t\t<div class=\"post-header\">\n\t\t\t\t\t\t\t\t\t\n\t\t\t\t\t\t\t\t<h3 class=\"title\">\n\t\t\t\t\t\t\t\t\t \n\t\t\t\t\t\t\t\t\t\t<a href=\"https:\/\/www.pdparacas.com.pe\/blog\/el-puerto-de-paracas-participo-de-la-exposicion-artistica-principio-y-fin-del-absoluto-del-fotografo-javier-carnero-en-el-museo-regional-de-ica\/\">\t\t\t\t\t\t\t\t\t\t\tEL PUERTO DE PARACAS PARTICIP\u00d3 DE LA EXPOSICI\u00d3N ART\u00cdSTICA \u00abPRINCIPIO Y FIN DEL ABSOLUTO\u00bb DEL FOT\u00d3GRAFO JAVIER CARNERO EN EL MUSEO REGIONAL DE ICA.\t\t\t\t\t\t\t\t\t\t <\/a> \n\t\t\t\t\t\t\t\t\t\t\t\t\t\t\t\t\t<\/h3>\n\n\t\t\t\t\t\t\t\t\t\t\t\t\t\t\t<\/div><!--\/post-header-->\n\t\t\t\t\t\t<div class=\"excerpt\">El Puerto de Paracas particip\u00f3 en la exposici\u00f3n art\u00edstica \"Principio y fin del absoluto\" del&hellip;<\/div><div class=\"grav-wrap\"><a href=\"https:\/\/www.pdparacas.com.pe\/blog\/author\/s-reyespdparacas-com-pe\/\"><img alt='Samuel Reyes' src='https:\/\/secure.gravatar.com\/avatar\/40a2c27a4520da1b7f58e63ff303a47b?s=70&#038;d=mm&#038;r=g' srcset='https:\/\/secure.gravatar.com\/avatar\/40a2c27a4520da1b7f58e63ff303a47b?s=140&#038;d=mm&#038;r=g 2x' class='avatar avatar-70 photo' height='70' width='70' loading='lazy'\/><\/a><div class=\"text\"><a href=\"https:\/\/www.pdparacas.com.pe\/blog\/author\/s-reyespdparacas-com-pe\/\" rel=\"author\">Samuel Reyes<\/a><span>13 febrero, 2024<\/span><\/div><\/div>\t\t\t\t\t\t\t\n\t\t\t\t\t\t<\/div><!--article-content-wrap-->\n\n\t\t\t\t\t\t\t\t\t\t\n\t\t\t\t   \n\t\t\t\t\t\t\t\t\t\t\n\t\t\t\t\t\t\t\t\t\t\t\n\t\t\t\t<\/div><!--\/content-inner-->\n\n\t\t\t\t\t\t\n\t\t<\/div><!--\/post-content-->\n\n\t<\/div><!--\/inner-wrap-->\n\t\t\n<\/article><!--\/article-->\r\n\t\t\t\t\t\t\t\r\n\t\t\t\t\n<article id=\"post-7679\" class=\"regular masonry-blog-item post-7679 post type-post status-publish format-standard has-post-thumbnail category-negocios-responsables tag-puerto-de-paracas\">\n\n\t<div class=\"inner-wrap animated\">\n\n\t\t<div class=\"post-content\">\n\t\t\t\n\t\t\t\t\t\t\t\n\t\t\t\t\t\t\t\t\n\t\t\t\t\t\t\t\t\n\t\t\t\t\t\t\n\t\t\t\n\n\t\t\t\n\t\t\t\t<div class=\"content-inner\">\n\t\t\t\t\t\n\t\t\t\t\t <a class=\"entire-meta-link\" href=\"https:\/\/www.pdparacas.com.pe\/blog\/nuestro-equipo-en-fruit-logistica-en-berlin-conectando-con-nuestros-clientes-y-mostrando-las-potencialidades-y-ventajas-de-nuestro-terminal-portuario\/\"><\/a><a href=\"https:\/\/www.pdparacas.com.pe\/blog\/nuestro-equipo-en-fruit-logistica-en-berlin-conectando-con-nuestros-clientes-y-mostrando-las-potencialidades-y-ventajas-de-nuestro-terminal-portuario\/\"><span class=\"post-featured-img\"><img width=\"768\" height=\"1024\" src=\"https:\/\/www.pdparacas.com.pe\/blog\/wp-content\/uploads\/2024\/02\/426620658_795696902584210_6522379157645766778_n-768x1024.jpg\" class=\"attachment-large size-large skip-lazy wp-post-image\" alt=\"\" loading=\"lazy\" title=\"\" srcset=\"https:\/\/www.pdparacas.com.pe\/blog\/wp-content\/uploads\/2024\/02\/426620658_795696902584210_6522379157645766778_n-768x1024.jpg 768w, https:\/\/www.pdparacas.com.pe\/blog\/wp-content\/uploads\/2024\/02\/426620658_795696902584210_6522379157645766778_n-225x300.jpg 225w, https:\/\/www.pdparacas.com.pe\/blog\/wp-content\/uploads\/2024\/02\/426620658_795696902584210_6522379157645766778_n.jpg 960w\" sizes=\"(max-width: 768px) 100vw, 768px\" \/><\/span><\/a>\t\t\t\t\t\n\t\t\t\t\t\t\t\t\t\t\t\n\t\t\t\t\t\t\n\t\t\t\t\t\t\t\n\t\t\t\t\t\t<span class=\"meta-category\"><a class=\"negocios-responsables\" href=\"https:\/\/www.pdparacas.com.pe\/blog\/category\/negocios-responsables\/\">Negocios responsables<\/a><\/span>\n\t\t\t\t\t\t<div class=\"article-content-wrap\">\n\t\t\t\t\t\t\t\n\t\t\t\t\t\t\t\t\t\t\t\t\t\t\t\t\t\t\n\t\t\t\t\t\t\t<div class=\"post-header\">\n\t\t\t\t\t\t\t\t\t\n\t\t\t\t\t\t\t\t<h3 class=\"title\">\n\t\t\t\t\t\t\t\t\t \n\t\t\t\t\t\t\t\t\t\t<a href=\"https:\/\/www.pdparacas.com.pe\/blog\/nuestro-equipo-en-fruit-logistica-en-berlin-conectando-con-nuestros-clientes-y-mostrando-las-potencialidades-y-ventajas-de-nuestro-terminal-portuario\/\">\t\t\t\t\t\t\t\t\t\t\tNuestro equipo en FRUIT LOG\u00cdSTICA en Berl\u00edn, conectando con nuestros clientes y mostrando las potencialidades y ventajas de nuestro terminal portuario.\t\t\t\t\t\t\t\t\t\t <\/a> \n\t\t\t\t\t\t\t\t\t\t\t\t\t\t\t\t\t<\/h3>\n\n\t\t\t\t\t\t\t\t\t\t\t\t\t\t\t<\/div><!--\/post-header-->\n\t\t\t\t\t\t<div class=\"excerpt\">Nuestro equipo en FRUIT LOG\u00cdSTICA en Berl\u00edn, conectando con nuestros clientes y mostrando las potencialidades&hellip;<\/div><div class=\"grav-wrap\"><a href=\"https:\/\/www.pdparacas.com.pe\/blog\/author\/s-reyespdparacas-com-pe\/\"><img alt='Samuel Reyes' src='https:\/\/secure.gravatar.com\/avatar\/40a2c27a4520da1b7f58e63ff303a47b?s=70&#038;d=mm&#038;r=g' srcset='https:\/\/secure.gravatar.com\/avatar\/40a2c27a4520da1b7f58e63ff303a47b?s=140&#038;d=mm&#038;r=g 2x' class='avatar avatar-70 photo' height='70' width='70' loading='lazy'\/><\/a><div class=\"text\"><a href=\"https:\/\/www.pdparacas.com.pe\/blog\/author\/s-reyespdparacas-com-pe\/\" rel=\"author\">Samuel Reyes<\/a><span>8 febrero, 2024<\/span><\/div><\/div>\t\t\t\t\t\t\t\n\t\t\t\t\t\t<\/div><!--article-content-wrap-->\n\n\t\t\t\t\t\t\t\t\t\t\n\t\t\t\t   \n\t\t\t\t\t\t\t\t\t\t\n\t\t\t\t\t\t\t\t\t\t\t\n\t\t\t\t<\/div><!--\/content-inner-->\n\n\t\t\t\t\t\t\n\t\t<\/div><!--\/post-content-->\n\n\t<\/div><!--\/inner-wrap-->\n\t\t\n<\/article><!--\/article-->\r\n\t\t\t\t\t\t\t\r\n\t\t\t\t\n<article id=\"post-7673\" class=\"regular masonry-blog-item post-7673 post type-post status-publish format-standard has-post-thumbnail category-negocios-responsables tag-puerto-de-paracas\">\n\n\t<div class=\"inner-wrap animated\">\n\n\t\t<div class=\"post-content\">\n\t\t\t\n\t\t\t\t\t\t\t\n\t\t\t\t\t\t\t\t\n\t\t\t\t\t\t\t\t\n\t\t\t\t\t\t\n\t\t\t\n\n\t\t\t\n\t\t\t\t<div class=\"content-inner\">\n\t\t\t\t\t\n\t\t\t\t\t <a class=\"entire-meta-link\" href=\"https:\/\/www.pdparacas.com.pe\/blog\/puerto-de-paracas-comparte-resultados-de-monitoreos-biologicos-efectuados-durante-2023-al-comite-de-monitoreo-y-vigilancia-ciudadana\/\"><\/a><a href=\"https:\/\/www.pdparacas.com.pe\/blog\/puerto-de-paracas-comparte-resultados-de-monitoreos-biologicos-efectuados-durante-2023-al-comite-de-monitoreo-y-vigilancia-ciudadana\/\"><span class=\"post-featured-img\"><img width=\"1024\" height=\"683\" src=\"https:\/\/www.pdparacas.com.pe\/blog\/wp-content\/uploads\/2024\/02\/MONITOREO-2024-1-1024x683.png\" class=\"attachment-large size-large skip-lazy wp-post-image\" alt=\"\" loading=\"lazy\" title=\"\" srcset=\"https:\/\/www.pdparacas.com.pe\/blog\/wp-content\/uploads\/2024\/02\/MONITOREO-2024-1-1024x683.png 1024w, https:\/\/www.pdparacas.com.pe\/blog\/wp-content\/uploads\/2024\/02\/MONITOREO-2024-1-300x200.png 300w, https:\/\/www.pdparacas.com.pe\/blog\/wp-content\/uploads\/2024\/02\/MONITOREO-2024-1-768x512.png 768w, https:\/\/www.pdparacas.com.pe\/blog\/wp-content\/uploads\/2024\/02\/MONITOREO-2024-1-1536x1024.png 1536w, https:\/\/www.pdparacas.com.pe\/blog\/wp-content\/uploads\/2024\/02\/MONITOREO-2024-1-900x600.png 900w, https:\/\/www.pdparacas.com.pe\/blog\/wp-content\/uploads\/2024\/02\/MONITOREO-2024-1.png 1620w\" sizes=\"(max-width: 1024px) 100vw, 1024px\" \/><\/span><\/a>\t\t\t\t\t\n\t\t\t\t\t\t\t\t\t\t\t\n\t\t\t\t\t\t\n\t\t\t\t\t\t\t\n\t\t\t\t\t\t<span class=\"meta-category\"><a class=\"negocios-responsables\" href=\"https:\/\/www.pdparacas.com.pe\/blog\/category\/negocios-responsables\/\">Negocios responsables<\/a><\/span>\n\t\t\t\t\t\t<div class=\"article-content-wrap\">\n\t\t\t\t\t\t\t\n\t\t\t\t\t\t\t\t\t\t\t\t\t\t\t\t\t\t\n\t\t\t\t\t\t\t<div class=\"post-header\">\n\t\t\t\t\t\t\t\t\t\n\t\t\t\t\t\t\t\t<h3 class=\"title\">\n\t\t\t\t\t\t\t\t\t \n\t\t\t\t\t\t\t\t\t\t<a href=\"https:\/\/www.pdparacas.com.pe\/blog\/puerto-de-paracas-comparte-resultados-de-monitoreos-biologicos-efectuados-durante-2023-al-comite-de-monitoreo-y-vigilancia-ciudadana\/\">\t\t\t\t\t\t\t\t\t\t\tPUERTO DE PARACAS COMPARTE RESULTADOS DE MONITOREOS BIOL\u00d3GICOS EFECTUADOS DURANTE 2023 AL COMIT\u00c9 DE MONITOREO Y VIGILANCIA CIUDADANA\t\t\t\t\t\t\t\t\t\t <\/a> \n\t\t\t\t\t\t\t\t\t\t\t\t\t\t\t\t\t<\/h3>\n\n\t\t\t\t\t\t\t\t\t\t\t\t\t\t\t<\/div><!--\/post-header-->\n\t\t\t\t\t\t<div class=\"excerpt\">Puerto de Paracas comparte resultados de monitoreos biol\u00f3gicos efectuados durante 2023 al Comit\u00e9 de Monitoreo&hellip;<\/div><div class=\"grav-wrap\"><a href=\"https:\/\/www.pdparacas.com.pe\/blog\/author\/s-reyespdparacas-com-pe\/\"><img alt='Samuel Reyes' src='https:\/\/secure.gravatar.com\/avatar\/40a2c27a4520da1b7f58e63ff303a47b?s=70&#038;d=mm&#038;r=g' srcset='https:\/\/secure.gravatar.com\/avatar\/40a2c27a4520da1b7f58e63ff303a47b?s=140&#038;d=mm&#038;r=g 2x' class='avatar avatar-70 photo' height='70' width='70' loading='lazy'\/><\/a><div class=\"text\"><a href=\"https:\/\/www.pdparacas.com.pe\/blog\/author\/s-reyespdparacas-com-pe\/\" rel=\"author\">Samuel Reyes<\/a><span>6 febrero, 2024<\/span><\/div><\/div>\t\t\t\t\t\t\t\n\t\t\t\t\t\t<\/div><!--article-content-wrap-->\n\n\t\t\t\t\t\t\t\t\t\t\n\t\t\t\t   \n\t\t\t\t\t\t\t\t\t\t\n\t\t\t\t\t\t\t\t\t\t\t\n\t\t\t\t<\/div><!--\/content-inner-->\n\n\t\t\t\t\t\t\n\t\t<\/div><!--\/post-content-->\n\n\t<\/div><!--\/inner-wrap-->\n\t\t\n<\/article><!--\/article-->\r\n\t\t\t\t\t\t\t\r\n\t\t\t\t\n<article id=\"post-7670\" class=\"regular masonry-blog-item post-7670 post type-post status-publish format-standard has-post-thumbnail category-negocios-responsables tag-puerto-de-paracas\">\n\n\t<div class=\"inner-wrap animated\">\n\n\t\t<div class=\"post-content\">\n\t\t\t\n\t\t\t\t\t\t\t\n\t\t\t\t\t\t\t\t\n\t\t\t\t\t\t\t\t\n\t\t\t\t\t\t\n\t\t\t\n\n\t\t\t\n\t\t\t\t<div class=\"content-inner\">\n\t\t\t\t\t\n\t\t\t\t\t <a class=\"entire-meta-link\" href=\"https:\/\/www.pdparacas.com.pe\/blog\/diario-gestion-informa-sobre-el-nuevo-rol-que-asumira-cesar-rojas-como-gerente-general-de-puerto-de-paracas-a-partir-del-1ero-de-mayo\/\"><\/a><a href=\"https:\/\/www.pdparacas.com.pe\/blog\/diario-gestion-informa-sobre-el-nuevo-rol-que-asumira-cesar-rojas-como-gerente-general-de-puerto-de-paracas-a-partir-del-1ero-de-mayo\/\"><span class=\"post-featured-img\"><img width=\"599\" height=\"1024\" src=\"https:\/\/www.pdparacas.com.pe\/blog\/wp-content\/uploads\/2024\/02\/425918973_793397726147461_835610246846114750_n-599x1024.jpg\" class=\"attachment-large size-large skip-lazy wp-post-image\" alt=\"\" loading=\"lazy\" title=\"\" srcset=\"https:\/\/www.pdparacas.com.pe\/blog\/wp-content\/uploads\/2024\/02\/425918973_793397726147461_835610246846114750_n-599x1024.jpg 599w, https:\/\/www.pdparacas.com.pe\/blog\/wp-content\/uploads\/2024\/02\/425918973_793397726147461_835610246846114750_n-175x300.jpg 175w, https:\/\/www.pdparacas.com.pe\/blog\/wp-content\/uploads\/2024\/02\/425918973_793397726147461_835610246846114750_n-768x1313.jpg 768w, https:\/\/www.pdparacas.com.pe\/blog\/wp-content\/uploads\/2024\/02\/425918973_793397726147461_835610246846114750_n.jpg 849w\" sizes=\"(max-width: 599px) 100vw, 599px\" \/><\/span><\/a>\t\t\t\t\t\n\t\t\t\t\t\t\t\t\t\t\t\n\t\t\t\t\t\t\n\t\t\t\t\t\t\t\n\t\t\t\t\t\t<span class=\"meta-category\"><a class=\"negocios-responsables\" href=\"https:\/\/www.pdparacas.com.pe\/blog\/category\/negocios-responsables\/\">Negocios responsables<\/a><\/span>\n\t\t\t\t\t\t<div class=\"article-content-wrap\">\n\t\t\t\t\t\t\t\n\t\t\t\t\t\t\t\t\t\t\t\t\t\t\t\t\t\t\n\t\t\t\t\t\t\t<div class=\"post-header\">\n\t\t\t\t\t\t\t\t\t\n\t\t\t\t\t\t\t\t<h3 class=\"title\">\n\t\t\t\t\t\t\t\t\t \n\t\t\t\t\t\t\t\t\t\t<a href=\"https:\/\/www.pdparacas.com.pe\/blog\/diario-gestion-informa-sobre-el-nuevo-rol-que-asumira-cesar-rojas-como-gerente-general-de-puerto-de-paracas-a-partir-del-1ero-de-mayo\/\">\t\t\t\t\t\t\t\t\t\t\tDIARIO GESTI\u00d3N INFORMA SOBRE EL NUEVO ROL QUE ASUMIR\u00c1 CESAR ROJAS, COMO GERENTE GENERAL DE PUERTO DE PARACAS A PARTIR DEL 1ERO DE MAYO.\t\t\t\t\t\t\t\t\t\t <\/a> \n\t\t\t\t\t\t\t\t\t\t\t\t\t\t\t\t\t<\/h3>\n\n\t\t\t\t\t\t\t\t\t\t\t\t\t\t\t<\/div><!--\/post-header-->\n\t\t\t\t\t\t<div class=\"excerpt\">Diario Gesti\u00f3n informa sobre el nuevo rol que asumir\u00e1 Cesar Rojas, como Gerente General de&hellip;<\/div><div class=\"grav-wrap\"><a href=\"https:\/\/www.pdparacas.com.pe\/blog\/author\/s-reyespdparacas-com-pe\/\"><img alt='Samuel Reyes' src='https:\/\/secure.gravatar.com\/avatar\/40a2c27a4520da1b7f58e63ff303a47b?s=70&#038;d=mm&#038;r=g' srcset='https:\/\/secure.gravatar.com\/avatar\/40a2c27a4520da1b7f58e63ff303a47b?s=140&#038;d=mm&#038;r=g 2x' class='avatar avatar-70 photo' height='70' width='70' loading='lazy'\/><\/a><div class=\"text\"><a href=\"https:\/\/www.pdparacas.com.pe\/blog\/author\/s-reyespdparacas-com-pe\/\" rel=\"author\">Samuel Reyes<\/a><span>5 febrero, 2024<\/span><\/div><\/div>\t\t\t\t\t\t\t\n\t\t\t\t\t\t<\/div><!--article-content-wrap-->\n\n\t\t\t\t\t\t\t\t\t\t\n\t\t\t\t   \n\t\t\t\t\t\t\t\t\t\t\n\t\t\t\t\t\t\t\t\t\t\t\n\t\t\t\t<\/div><!--\/content-inner-->\n\n\t\t\t\t\t\t\n\t\t<\/div><!--\/post-content-->\n\n\t<\/div><!--\/inner-wrap-->\n\t\t\n<\/article><!--\/article-->\r\n\t\t\t\t\t\t\t\r\n\t\t\t\t\n<article id=\"post-7667\" class=\"regular masonry-blog-item post-7667 post type-post status-publish format-standard has-post-thumbnail category-negocios-responsables tag-puerto-de-paracas\">\n\n\t<div class=\"inner-wrap animated\">\n\n\t\t<div class=\"post-content\">\n\t\t\t\n\t\t\t\t\t\t\t\n\t\t\t\t\t\t\t\t\n\t\t\t\t\t\t\t\t\n\t\t\t\t\t\t\n\t\t\t\n\n\t\t\t\n\t\t\t\t<div class=\"content-inner\">\n\t\t\t\t\t\n\t\t\t\t\t <a class=\"entire-meta-link\" href=\"https:\/\/www.pdparacas.com.pe\/blog\/cambios-en-el-puerto-de-paracas\/\"><\/a><a href=\"https:\/\/www.pdparacas.com.pe\/blog\/cambios-en-el-puerto-de-paracas\/\"><span class=\"post-featured-img\"><img width=\"725\" height=\"1024\" src=\"https:\/\/www.pdparacas.com.pe\/blog\/wp-content\/uploads\/2024\/02\/CIN-TURON-725x1024.jpg\" class=\"attachment-large size-large skip-lazy wp-post-image\" alt=\"\" loading=\"lazy\" title=\"\" srcset=\"https:\/\/www.pdparacas.com.pe\/blog\/wp-content\/uploads\/2024\/02\/CIN-TURON-725x1024.jpg 725w, https:\/\/www.pdparacas.com.pe\/blog\/wp-content\/uploads\/2024\/02\/CIN-TURON-212x300.jpg 212w, https:\/\/www.pdparacas.com.pe\/blog\/wp-content\/uploads\/2024\/02\/CIN-TURON-768x1085.jpg 768w, https:\/\/www.pdparacas.com.pe\/blog\/wp-content\/uploads\/2024\/02\/CIN-TURON-1088x1536.jpg 1088w, https:\/\/www.pdparacas.com.pe\/blog\/wp-content\/uploads\/2024\/02\/CIN-TURON.jpg 1450w\" sizes=\"(max-width: 725px) 100vw, 725px\" \/><\/span><\/a>\t\t\t\t\t\n\t\t\t\t\t\t\t\t\t\t\t\n\t\t\t\t\t\t\n\t\t\t\t\t\t\t\n\t\t\t\t\t\t<span class=\"meta-category\"><a class=\"negocios-responsables\" href=\"https:\/\/www.pdparacas.com.pe\/blog\/category\/negocios-responsables\/\">Negocios responsables<\/a><\/span>\n\t\t\t\t\t\t<div class=\"article-content-wrap\">\n\t\t\t\t\t\t\t\n\t\t\t\t\t\t\t\t\t\t\t\t\t\t\t\t\t\t\n\t\t\t\t\t\t\t<div class=\"post-header\">\n\t\t\t\t\t\t\t\t\t\n\t\t\t\t\t\t\t\t<h3 class=\"title\">\n\t\t\t\t\t\t\t\t\t \n\t\t\t\t\t\t\t\t\t\t<a href=\"https:\/\/www.pdparacas.com.pe\/blog\/cambios-en-el-puerto-de-paracas\/\">\t\t\t\t\t\t\t\t\t\t\tCAMBIOS EN EL PUERTO DE PARACAS\t\t\t\t\t\t\t\t\t\t <\/a> \n\t\t\t\t\t\t\t\t\t\t\t\t\t\t\t\t\t<\/h3>\n\n\t\t\t\t\t\t\t\t\t\t\t\t\t\t\t<\/div><!--\/post-header-->\n\t\t\t\t\t\t<div class=\"excerpt\">Cambios en el Puerto de Paracas 2 de febrero de 2024 Hoy anunciamos un cambio&hellip;<\/div><div class=\"grav-wrap\"><a href=\"https:\/\/www.pdparacas.com.pe\/blog\/author\/s-reyespdparacas-com-pe\/\"><img alt='Samuel Reyes' src='https:\/\/secure.gravatar.com\/avatar\/40a2c27a4520da1b7f58e63ff303a47b?s=70&#038;d=mm&#038;r=g' srcset='https:\/\/secure.gravatar.com\/avatar\/40a2c27a4520da1b7f58e63ff303a47b?s=140&#038;d=mm&#038;r=g 2x' class='avatar avatar-70 photo' height='70' width='70' loading='lazy'\/><\/a><div class=\"text\"><a href=\"https:\/\/www.pdparacas.com.pe\/blog\/author\/s-reyespdparacas-com-pe\/\" rel=\"author\">Samuel Reyes<\/a><span>2 febrero, 2024<\/span><\/div><\/div>\t\t\t\t\t\t\t\n\t\t\t\t\t\t<\/div><!--article-content-wrap-->\n\n\t\t\t\t\t\t\t\t\t\t\n\t\t\t\t   \n\t\t\t\t\t\t\t\t\t\t\n\t\t\t\t\t\t\t\t\t\t\t\n\t\t\t\t<\/div><!--\/content-inner-->\n\n\t\t\t\t\t\t\n\t\t<\/div><!--\/post-content-->\n\n\t<\/div><!--\/inner-wrap-->\n\t\t\n<\/article><!--\/article-->\r\n\t\t\t\t\t\t\t\r\n\t\t\t\t\n<article id=\"post-7660\" class=\"regular masonry-blog-item post-7660 post type-post status-publish format-standard has-post-thumbnail category-negocios-responsables tag-puerto-de-paracas\">\n\n\t<div class=\"inner-wrap animated\">\n\n\t\t<div class=\"post-content\">\n\t\t\t\n\t\t\t\t\t\t\t\n\t\t\t\t\t\t\t\t\n\t\t\t\t\t\t\t\t\n\t\t\t\t\t\t\n\t\t\t\n\n\t\t\t\n\t\t\t\t<div class=\"content-inner\">\n\t\t\t\t\t\n\t\t\t\t\t <a class=\"entire-meta-link\" href=\"https:\/\/www.pdparacas.com.pe\/blog\/el-puerto-de-paracas-realiza-exitosa-campana-de-limpieza-en-conmemoracion-por-el-dia-mundial-de-los-humedales\/\"><\/a><a href=\"https:\/\/www.pdparacas.com.pe\/blog\/el-puerto-de-paracas-realiza-exitosa-campana-de-limpieza-en-conmemoracion-por-el-dia-mundial-de-los-humedales\/\"><span class=\"post-featured-img\"><img width=\"1024\" height=\"683\" src=\"https:\/\/www.pdparacas.com.pe\/blog\/wp-content\/uploads\/2024\/02\/CAMPANADELIMPIEZA-ENERO2024-1-1024x683.png\" class=\"attachment-large size-large skip-lazy wp-post-image\" alt=\"\" loading=\"lazy\" title=\"\" srcset=\"https:\/\/www.pdparacas.com.pe\/blog\/wp-content\/uploads\/2024\/02\/CAMPANADELIMPIEZA-ENERO2024-1-1024x683.png 1024w, https:\/\/www.pdparacas.com.pe\/blog\/wp-content\/uploads\/2024\/02\/CAMPANADELIMPIEZA-ENERO2024-1-300x200.png 300w, https:\/\/www.pdparacas.com.pe\/blog\/wp-content\/uploads\/2024\/02\/CAMPANADELIMPIEZA-ENERO2024-1-768x512.png 768w, https:\/\/www.pdparacas.com.pe\/blog\/wp-content\/uploads\/2024\/02\/CAMPANADELIMPIEZA-ENERO2024-1-1536x1024.png 1536w, https:\/\/www.pdparacas.com.pe\/blog\/wp-content\/uploads\/2024\/02\/CAMPANADELIMPIEZA-ENERO2024-1-900x600.png 900w, https:\/\/www.pdparacas.com.pe\/blog\/wp-content\/uploads\/2024\/02\/CAMPANADELIMPIEZA-ENERO2024-1.png 1620w\" sizes=\"(max-width: 1024px) 100vw, 1024px\" \/><\/span><\/a>\t\t\t\t\t\n\t\t\t\t\t\t\t\t\t\t\t\n\t\t\t\t\t\t\n\t\t\t\t\t\t\t\n\t\t\t\t\t\t<span class=\"meta-category\"><a class=\"negocios-responsables\" href=\"https:\/\/www.pdparacas.com.pe\/blog\/category\/negocios-responsables\/\">Negocios responsables<\/a><\/span>\n\t\t\t\t\t\t<div class=\"article-content-wrap\">\n\t\t\t\t\t\t\t\n\t\t\t\t\t\t\t\t\t\t\t\t\t\t\t\t\t\t\n\t\t\t\t\t\t\t<div class=\"post-header\">\n\t\t\t\t\t\t\t\t\t\n\t\t\t\t\t\t\t\t<h3 class=\"title\">\n\t\t\t\t\t\t\t\t\t \n\t\t\t\t\t\t\t\t\t\t<a href=\"https:\/\/www.pdparacas.com.pe\/blog\/el-puerto-de-paracas-realiza-exitosa-campana-de-limpieza-en-conmemoracion-por-el-dia-mundial-de-los-humedales\/\">\t\t\t\t\t\t\t\t\t\t\tEL PUERTO DE PARACAS REALIZA EXITOSA CAMPA\u00d1A DE LIMPIEZA EN CONMEMORACI\u00d3N POR EL D\u00cdA MUNDIAL DE LOS HUMEDALES\t\t\t\t\t\t\t\t\t\t <\/a> \n\t\t\t\t\t\t\t\t\t\t\t\t\t\t\t\t\t<\/h3>\n\n\t\t\t\t\t\t\t\t\t\t\t\t\t\t\t<\/div><!--\/post-header-->\n\t\t\t\t\t\t<div class=\"excerpt\">El Puerto de Paracas realiza exitosa campa\u00f1a de limpieza en conmemoraci\u00f3n por el D\u00eda Mundial&hellip;<\/div><div class=\"grav-wrap\"><a href=\"https:\/\/www.pdparacas.com.pe\/blog\/author\/s-reyespdparacas-com-pe\/\"><img alt='Samuel Reyes' src='https:\/\/secure.gravatar.com\/avatar\/40a2c27a4520da1b7f58e63ff303a47b?s=70&#038;d=mm&#038;r=g' srcset='https:\/\/secure.gravatar.com\/avatar\/40a2c27a4520da1b7f58e63ff303a47b?s=140&#038;d=mm&#038;r=g 2x' class='avatar avatar-70 photo' height='70' width='70' loading='lazy'\/><\/a><div class=\"text\"><a href=\"https:\/\/www.pdparacas.com.pe\/blog\/author\/s-reyespdparacas-com-pe\/\" rel=\"author\">Samuel Reyes<\/a><span>2 febrero, 2024<\/span><\/div><\/div>\t\t\t\t\t\t\t\n\t\t\t\t\t\t<\/div><!--article-content-wrap-->\n\n\t\t\t\t\t\t\t\t\t\t\n\t\t\t\t   \n\t\t\t\t\t\t\t\t\t\t\n\t\t\t\t\t\t\t\t\t\t\t\n\t\t\t\t<\/div><!--\/content-inner-->\n\n\t\t\t\t\t\t\n\t\t<\/div><!--\/post-content-->\n\n\t<\/div><!--\/inner-wrap-->\n\t\t\n<\/article><!--\/article-->\r\n\t\t\t\t\t\t\r\n\t\t\t<\/div><!--\/posts container-->\r\n\t\t\t\r\n\t\t\t\t\t\r\n  <\/div><!--\/post area-->\r\n  \r\n  \t\t\r\n\t\r\n\t<\/div>\r\n\t\r\n\t[\/vc_column][\/vc_row][vc_row type=\u00bbin_container\u00bb full_screen_row_position=\u00bbmiddle\u00bb scene_position=\u00bbcenter\u00bb text_color=\u00bbdark\u00bb text_align=\u00bbleft\u00bb overlay_strength=\u00bb0.3&#8243; shape_divider_position=\u00bbbottom\u00bb shape_type=\u00bb\u00bb][vc_column column_padding=\u00bbno-extra-padding\u00bb column_padding_position=\u00bball\u00bb background_color_opacity=\u00bb1&#8243; background_hover_color_opacity=\u00bb1&#8243; column_link_target=\u00bb_self\u00bb column_shadow=\u00bbnone\u00bb column_border_radius=\u00bbnone\u00bb width=\u00bb1\/1&#8243; tablet_width_inherit=\u00bbdefault\u00bb tablet_text_alignment=\u00bbdefault\u00bb phone_text_alignment=\u00bbdefault\u00bb column_border_width=\u00bbnone\u00bb column_border_style=\u00bbsolid\u00bb]\t\r\n\t<div class=\"row\">\r\n\t\r\n\t <div class=\"post-area col featured_img_left span_9   \" data-ams=\"\"> <div class=\"posts-container\" data-load-animation=\"none\">\t\t\t\t\r\n\t\t\t\t\n<article id=\"post-7656\" class=\"regular post-7656 post type-post status-publish format-standard has-post-thumbnail category-negocios-responsables tag-puerto-de-paracas\">\n\n\t<div class=\"inner-wrap animated\">\n\n\t\t<div class=\"post-content\">\n\t\t\t\n\t\t\t\t\t\t\t\n\t\t\t\t\t\t\t\t\n\t\t\t\t\t\t\t\t\n\t\t\t\t\t\t\n\t\t\t\n\n\t\t\t \n\n\t\t\t\t\t <div class=\"article-content-wrap\">\n\t\t\t\t\t\t\n\t\t\t\t\t\t<div class=\"post-featured-img-wrap\"> \n\t\t\t\t\t\t\t\n\t\t\t\t\t\t\t<a href=\"https:\/\/www.pdparacas.com.pe\/blog\/iniciamos-el-primer-embarque-de-pescado-congelado-del-2024\/\"><span class=\"post-featured-img\" style=\"background-image: url(https:\/\/www.pdparacas.com.pe\/blog\/wp-content\/uploads\/2024\/02\/REEFERVESSEL-1-900x600.png);\"><\/span><\/a>\t\t\t\t\t\t\t\n\t\t\t\t\t\t<\/div>\n\t\t\t\t\t\t\n\t\t\t\t\t\t<div class=\"post-content-wrap\"> \n\t\t\t\t\t\t\t\n\t\t\t\t\t\t\t<a class=\"entire-meta-link\" href=\"https:\/\/www.pdparacas.com.pe\/blog\/iniciamos-el-primer-embarque-de-pescado-congelado-del-2024\/\"><\/a>\n\t\t\t\t\t\t\t\n\t\t\t\t\t\t\t<span class=\"meta-category\"><a class=\"negocios-responsables\" href=\"https:\/\/www.pdparacas.com.pe\/blog\/category\/negocios-responsables\/\">Negocios responsables<\/a><\/span>\t\t\t\t\t\t\n\t\t\t\t\t\t\t<div class=\"post-header\">\n\n\t\t\t\t\t\t\t\t<h3 class=\"title\">\n\t\t\t\t\t\t\t\t\t \n\t\t\t\t\t\t\t\t\t\t<a href=\"https:\/\/www.pdparacas.com.pe\/blog\/iniciamos-el-primer-embarque-de-pescado-congelado-del-2024\/\">\t\t\t\t\t\t\t\t\t\t\tINICIAMOS EL PRIMER EMBARQUE DE PESCADO CONGELADO DEL 2024.\t\t\t\t\t\t\t\t\t\t <\/a> \n\t\t\t\t\t\t\t\t\t\t\t\t\t\t\t\t\t<\/h3>\n\n\t\t\t\t\t\t\t\t\n\t\t\t\t\t\t\t<\/div><!--\/post-header-->\n\t\t\t\t\t\t\t\n\t\t\t\t\t\t\t<div class=\"excerpt\">Iniciamos el primer embarque de pescado congelado del 2024. 1 de febrero de 2024 Iniciamos&hellip;<\/div><div class=\"grav-wrap\"><a href=\"https:\/\/www.pdparacas.com.pe\/blog\/author\/s-reyespdparacas-com-pe\/\"><img alt='Samuel Reyes' src='https:\/\/secure.gravatar.com\/avatar\/40a2c27a4520da1b7f58e63ff303a47b?s=70&#038;d=mm&#038;r=g' srcset='https:\/\/secure.gravatar.com\/avatar\/40a2c27a4520da1b7f58e63ff303a47b?s=140&#038;d=mm&#038;r=g 2x' class='avatar avatar-70 photo' height='70' width='70' loading='lazy'\/><\/a><div class=\"text\"><a href=\"https:\/\/www.pdparacas.com.pe\/blog\/author\/s-reyespdparacas-com-pe\/\" rel=\"author\">Samuel Reyes<\/a><span>1 febrero, 2024<\/span><\/div><\/div>\n\t\t\t\t\t<\/div><!--post-content-wrap-->\n\n\t\t\t\t\t<\/div><!--article-content-wrap-->\n\n\t\t\t\t\t\t\t\n\t\t<\/div><!--\/post-content-->\n\n\t<\/div><!--\/inner-wrap-->\n\t\t\n<\/article><!--\/article-->\r\n\t\t\t\t\t\t\t\r\n\t\t\t\t\n<article id=\"post-7652\" class=\"regular post-7652 post type-post status-publish format-standard has-post-thumbnail category-negocios-responsables tag-puerto-de-paracas\">\n\n\t<div class=\"inner-wrap animated\">\n\n\t\t<div class=\"post-content\">\n\t\t\t\n\t\t\t\t\t\t\t\n\t\t\t\t\t\t\t\t\n\t\t\t\t\t\t\t\t\n\t\t\t\t\t\t\n\t\t\t\n\n\t\t\t \n\n\t\t\t\t\t <div class=\"article-content-wrap\">\n\t\t\t\t\t\t\n\t\t\t\t\t\t<div class=\"post-featured-img-wrap\"> \n\t\t\t\t\t\t\t\n\t\t\t\t\t\t\t<a href=\"https:\/\/www.pdparacas.com.pe\/blog\/enterate-en-el-siguiente-informe-de-andina-sobre-la-eficiencia-de-nuestro-puerto-en-infraestructura-y-capacidad-operativa\/\"><span class=\"post-featured-img\" style=\"background-image: url(https:\/\/www.pdparacas.com.pe\/blog\/wp-content\/uploads\/2024\/02\/424526721_788578443296056_3564866032149932711_n.jpg);\"><\/span><\/a>\t\t\t\t\t\t\t\n\t\t\t\t\t\t<\/div>\n\t\t\t\t\t\t\n\t\t\t\t\t\t<div class=\"post-content-wrap\"> \n\t\t\t\t\t\t\t\n\t\t\t\t\t\t\t<a class=\"entire-meta-link\" href=\"https:\/\/www.pdparacas.com.pe\/blog\/enterate-en-el-siguiente-informe-de-andina-sobre-la-eficiencia-de-nuestro-puerto-en-infraestructura-y-capacidad-operativa\/\"><\/a>\n\t\t\t\t\t\t\t\n\t\t\t\t\t\t\t<span class=\"meta-category\"><a class=\"negocios-responsables\" href=\"https:\/\/www.pdparacas.com.pe\/blog\/category\/negocios-responsables\/\">Negocios responsables<\/a><\/span>\t\t\t\t\t\t\n\t\t\t\t\t\t\t<div class=\"post-header\">\n\n\t\t\t\t\t\t\t\t<h3 class=\"title\">\n\t\t\t\t\t\t\t\t\t \n\t\t\t\t\t\t\t\t\t\t<a href=\"https:\/\/www.pdparacas.com.pe\/blog\/enterate-en-el-siguiente-informe-de-andina-sobre-la-eficiencia-de-nuestro-puerto-en-infraestructura-y-capacidad-operativa\/\">\t\t\t\t\t\t\t\t\t\t\tENT\u00c9RATE EN EL SIGUIENTE INFORME DE ANDINA SOBRE LA EFICIENCIA DE NUESTRO PUERTO EN INFRAESTRUCTURA Y CAPACIDAD OPERATIVA.\t\t\t\t\t\t\t\t\t\t <\/a> \n\t\t\t\t\t\t\t\t\t\t\t\t\t\t\t\t\t<\/h3>\n\n\t\t\t\t\t\t\t\t\n\t\t\t\t\t\t\t<\/div><!--\/post-header-->\n\t\t\t\t\t\t\t\n\t\t\t\t\t\t\t<div class=\"excerpt\">Ent\u00e9rate en el siguiente informe de Andina sobre la eficiencia de nuestro puerto en infraestructura,&hellip;<\/div><div class=\"grav-wrap\"><a href=\"https:\/\/www.pdparacas.com.pe\/blog\/author\/s-reyespdparacas-com-pe\/\"><img alt='Samuel Reyes' src='https:\/\/secure.gravatar.com\/avatar\/40a2c27a4520da1b7f58e63ff303a47b?s=70&#038;d=mm&#038;r=g' srcset='https:\/\/secure.gravatar.com\/avatar\/40a2c27a4520da1b7f58e63ff303a47b?s=140&#038;d=mm&#038;r=g 2x' class='avatar avatar-70 photo' height='70' width='70' loading='lazy'\/><\/a><div class=\"text\"><a href=\"https:\/\/www.pdparacas.com.pe\/blog\/author\/s-reyespdparacas-com-pe\/\" rel=\"author\">Samuel Reyes<\/a><span>29 enero, 2024<\/span><\/div><\/div>\n\t\t\t\t\t<\/div><!--post-content-wrap-->\n\n\t\t\t\t\t<\/div><!--article-content-wrap-->\n\n\t\t\t\t\t\t\t\n\t\t<\/div><!--\/post-content-->\n\n\t<\/div><!--\/inner-wrap-->\n\t\t\n<\/article><!--\/article-->\r\n\t\t\t\t\t\t\t\r\n\t\t\t\t\n<article id=\"post-7643\" class=\"regular post-7643 post type-post status-publish format-standard has-post-thumbnail category-negocios-responsables tag-puerto-de-paracas\">\n\n\t<div class=\"inner-wrap animated\">\n\n\t\t<div class=\"post-content\">\n\t\t\t\n\t\t\t\t\t\t\t\n\t\t\t\t\t\t\t\t\n\t\t\t\t\t\t\t\t\n\t\t\t\t\t\t\n\t\t\t\n\n\t\t\t \n\n\t\t\t\t\t <div class=\"article-content-wrap\">\n\t\t\t\t\t\t\n\t\t\t\t\t\t<div class=\"post-featured-img-wrap\"> \n\t\t\t\t\t\t\t\n\t\t\t\t\t\t\t<a href=\"https:\/\/www.pdparacas.com.pe\/blog\/hoy-recibimos-al-crucero-serenade-of-the-seas-con-mas-de-2100-pasajeros-y-mas-de-880-tripulantes-que-llegaron-a-nuestra-region-para-conocer-sobre-la-cultura-costumbres-y-gastronomia-de-la-costa-sur\/\"><span class=\"post-featured-img\" style=\"background-image: url(https:\/\/www.pdparacas.com.pe\/blog\/wp-content\/uploads\/2024\/02\/CRUCERO-28-3-900x600.png);\"><\/span><\/a>\t\t\t\t\t\t\t\n\t\t\t\t\t\t<\/div>\n\t\t\t\t\t\t\n\t\t\t\t\t\t<div class=\"post-content-wrap\"> \n\t\t\t\t\t\t\t\n\t\t\t\t\t\t\t<a class=\"entire-meta-link\" href=\"https:\/\/www.pdparacas.com.pe\/blog\/hoy-recibimos-al-crucero-serenade-of-the-seas-con-mas-de-2100-pasajeros-y-mas-de-880-tripulantes-que-llegaron-a-nuestra-region-para-conocer-sobre-la-cultura-costumbres-y-gastronomia-de-la-costa-sur\/\"><\/a>\n\t\t\t\t\t\t\t\n\t\t\t\t\t\t\t<span class=\"meta-category\"><a class=\"negocios-responsables\" href=\"https:\/\/www.pdparacas.com.pe\/blog\/category\/negocios-responsables\/\">Negocios responsables<\/a><\/span>\t\t\t\t\t\t\n\t\t\t\t\t\t\t<div class=\"post-header\">\n\n\t\t\t\t\t\t\t\t<h3 class=\"title\">\n\t\t\t\t\t\t\t\t\t \n\t\t\t\t\t\t\t\t\t\t<a href=\"https:\/\/www.pdparacas.com.pe\/blog\/hoy-recibimos-al-crucero-serenade-of-the-seas-con-mas-de-2100-pasajeros-y-mas-de-880-tripulantes-que-llegaron-a-nuestra-region-para-conocer-sobre-la-cultura-costumbres-y-gastronomia-de-la-costa-sur\/\">\t\t\t\t\t\t\t\t\t\t\tHOY RECIBIMOS AL CRUCERO SERENADE OF THE SEAS, CON M\u00c1S DE 2,100 PASAJEROS Y M\u00c1S DE 880 TRIPULANTES QUE LLEGARON A NUESTRA REGI\u00d3N PARA CONOCER SOBRE LA CULTURA, COSTUMBRES Y GASTRONOM\u00cdA DE LA COSTA SUR DEL PER\u00da.\t\t\t\t\t\t\t\t\t\t <\/a> \n\t\t\t\t\t\t\t\t\t\t\t\t\t\t\t\t\t<\/h3>\n\n\t\t\t\t\t\t\t\t\n\t\t\t\t\t\t\t<\/div><!--\/post-header-->\n\t\t\t\t\t\t\t\n\t\t\t\t\t\t\t<div class=\"excerpt\">Hoy recibimos al crucero Serenade of the seas, con m\u00e1s de 2,100 pasajeros y m\u00e1s&hellip;<\/div><div class=\"grav-wrap\"><a href=\"https:\/\/www.pdparacas.com.pe\/blog\/author\/s-reyespdparacas-com-pe\/\"><img alt='Samuel Reyes' src='https:\/\/secure.gravatar.com\/avatar\/40a2c27a4520da1b7f58e63ff303a47b?s=70&#038;d=mm&#038;r=g' srcset='https:\/\/secure.gravatar.com\/avatar\/40a2c27a4520da1b7f58e63ff303a47b?s=140&#038;d=mm&#038;r=g 2x' class='avatar avatar-70 photo' height='70' width='70' loading='lazy'\/><\/a><div class=\"text\"><a href=\"https:\/\/www.pdparacas.com.pe\/blog\/author\/s-reyespdparacas-com-pe\/\" rel=\"author\">Samuel Reyes<\/a><span>28 enero, 2024<\/span><\/div><\/div>\n\t\t\t\t\t<\/div><!--post-content-wrap-->\n\n\t\t\t\t\t<\/div><!--article-content-wrap-->\n\n\t\t\t\t\t\t\t\n\t\t<\/div><!--\/post-content-->\n\n\t<\/div><!--\/inner-wrap-->\n\t\t\n<\/article><!--\/article-->\r\n\t\t\t\t\t\t\t\r\n\t\t\t\t\n<article id=\"post-7636\" class=\"regular post-7636 post type-post status-publish format-standard has-post-thumbnail category-negocios-responsables tag-puerto-de-paracas\">\n\n\t<div class=\"inner-wrap animated\">\n\n\t\t<div class=\"post-content\">\n\t\t\t\n\t\t\t\t\t\t\t\n\t\t\t\t\t\t\t\t\n\t\t\t\t\t\t\t\t\n\t\t\t\t\t\t\n\t\t\t\n\n\t\t\t \n\n\t\t\t\t\t <div class=\"article-content-wrap\">\n\t\t\t\t\t\t\n\t\t\t\t\t\t<div class=\"post-featured-img-wrap\"> \n\t\t\t\t\t\t\t\n\t\t\t\t\t\t\t<a href=\"https:\/\/www.pdparacas.com.pe\/blog\/puerto-de-paracas-inaugura-wawawasi-que-beneficiara-a-80-ninos-de-pueblo-nuevo-paracas\/\"><span class=\"post-featured-img\" style=\"background-image: url(https:\/\/www.pdparacas.com.pe\/blog\/wp-content\/uploads\/2024\/02\/wawawasi-1-900x600.png);\"><\/span><\/a>\t\t\t\t\t\t\t\n\t\t\t\t\t\t<\/div>\n\t\t\t\t\t\t\n\t\t\t\t\t\t<div class=\"post-content-wrap\"> \n\t\t\t\t\t\t\t\n\t\t\t\t\t\t\t<a class=\"entire-meta-link\" href=\"https:\/\/www.pdparacas.com.pe\/blog\/puerto-de-paracas-inaugura-wawawasi-que-beneficiara-a-80-ninos-de-pueblo-nuevo-paracas\/\"><\/a>\n\t\t\t\t\t\t\t\n\t\t\t\t\t\t\t<span class=\"meta-category\"><a class=\"negocios-responsables\" href=\"https:\/\/www.pdparacas.com.pe\/blog\/category\/negocios-responsables\/\">Negocios responsables<\/a><\/span>\t\t\t\t\t\t\n\t\t\t\t\t\t\t<div class=\"post-header\">\n\n\t\t\t\t\t\t\t\t<h3 class=\"title\">\n\t\t\t\t\t\t\t\t\t \n\t\t\t\t\t\t\t\t\t\t<a href=\"https:\/\/www.pdparacas.com.pe\/blog\/puerto-de-paracas-inaugura-wawawasi-que-beneficiara-a-80-ninos-de-pueblo-nuevo-paracas\/\">\t\t\t\t\t\t\t\t\t\t\tPUERTO DE PARACAS INAUGURA WAWAWASI QUE BENEFICIAR\u00c1 A 80 NI\u00d1OS DE PUEBLO NUEVO, PARACAS.\t\t\t\t\t\t\t\t\t\t <\/a> \n\t\t\t\t\t\t\t\t\t\t\t\t\t\t\t\t\t<\/h3>\n\n\t\t\t\t\t\t\t\t\n\t\t\t\t\t\t\t<\/div><!--\/post-header-->\n\t\t\t\t\t\t\t\n\t\t\t\t\t\t\t<div class=\"excerpt\">El Puerto de Paracas inaugura Wawawasi que beneficiar\u00e1 a 80 ni\u00f1os de Pueblo Nuevo, Paracas.&hellip;<\/div><div class=\"grav-wrap\"><a href=\"https:\/\/www.pdparacas.com.pe\/blog\/author\/s-reyespdparacas-com-pe\/\"><img alt='Samuel Reyes' src='https:\/\/secure.gravatar.com\/avatar\/40a2c27a4520da1b7f58e63ff303a47b?s=70&#038;d=mm&#038;r=g' srcset='https:\/\/secure.gravatar.com\/avatar\/40a2c27a4520da1b7f58e63ff303a47b?s=140&#038;d=mm&#038;r=g 2x' class='avatar avatar-70 photo' height='70' width='70' loading='lazy'\/><\/a><div class=\"text\"><a href=\"https:\/\/www.pdparacas.com.pe\/blog\/author\/s-reyespdparacas-com-pe\/\" rel=\"author\">Samuel Reyes<\/a><span>26 enero, 2024<\/span><\/div><\/div>\n\t\t\t\t\t<\/div><!--post-content-wrap-->\n\n\t\t\t\t\t<\/div><!--article-content-wrap-->\n\n\t\t\t\t\t\t\t\n\t\t<\/div><!--\/post-content-->\n\n\t<\/div><!--\/inner-wrap-->\n\t\t\n<\/article><!--\/article-->\r\n\t\t\t\t\t\t\r\n\t\t\t<\/div><!--\/posts container-->\r\n\t\t\t\r\n\t\t\t\t\t\r\n  <\/div><!--\/post area-->\r\n  \r\n  \t\t\r\n\t\t\t<div id=\"sidebar\" data-nectar-ss=\"true\" class=\"col span_3 col_last\">\r\n\t\t\t<div id=\"tag_cloud-1\" class=\"widget widget_tag_cloud\"><h4>Etiquetas<\/h4><div class=\"tagcloud\"><a href=\"https:\/\/www.pdparacas.com.pe\/blog\/tag\/boletin\/\" class=\"tag-cloud-link tag-link-39 tag-link-position-1\" style=\"font-size: 8pt;\" aria-label=\"BOLET\u00cdN (11 elementos)\">BOLET\u00cdN<\/a>\n<a href=\"https:\/\/www.pdparacas.com.pe\/blog\/tag\/crucero\/\" class=\"tag-cloud-link tag-link-37 tag-link-position-2\" style=\"font-size: 10.413793103448pt;\" aria-label=\"crucero (14 elementos)\">crucero<\/a>\n<a href=\"https:\/\/www.pdparacas.com.pe\/blog\/tag\/puerto-de-paracas\/\" class=\"tag-cloud-link tag-link-38 tag-link-position-3\" style=\"font-size: 22pt;\" aria-label=\"Puerto de Paracas (45 elementos)\">Puerto de Paracas<\/a><\/div>\n<\/div>\t\t<div id=\"recent-posts-extra-3\" class=\"widget recent_posts_extra_widget\">\t\t<h4>LO MAS RECIENTE<\/h4>\t\t<ul class=\"nectar_blog_posts_recent_extra nectar_widget\" data-style=\"featured-image-left\">\r\n\t\t<li class=\"has-img\"><a href=\"https:\/\/www.pdparacas.com.pe\/blog\/puerto-de-paracas-realizo-charla-de-sensibilizacion-dirigida-a-mas-de-60-transportistas-de-carga\/\"> <span class=\"popular-featured-img\"><img width=\"100\" height=\"100\" src=\"https:\/\/www.pdparacas.com.pe\/blog\/wp-content\/uploads\/2024\/02\/TRANSPORTISTAS-11-100x100.png\" class=\"attachment-portfolio-widget size-portfolio-widget wp-post-image\" alt=\"\" loading=\"lazy\" title=\"\" srcset=\"https:\/\/www.pdparacas.com.pe\/blog\/wp-content\/uploads\/2024\/02\/TRANSPORTISTAS-11-100x100.png 100w, https:\/\/www.pdparacas.com.pe\/blog\/wp-content\/uploads\/2024\/02\/TRANSPORTISTAS-11-150x150.png 150w, https:\/\/www.pdparacas.com.pe\/blog\/wp-content\/uploads\/2024\/02\/TRANSPORTISTAS-11-140x140.png 140w, https:\/\/www.pdparacas.com.pe\/blog\/wp-content\/uploads\/2024\/02\/TRANSPORTISTAS-11-500x500.png 500w, https:\/\/www.pdparacas.com.pe\/blog\/wp-content\/uploads\/2024\/02\/TRANSPORTISTAS-11-350x350.png 350w, https:\/\/www.pdparacas.com.pe\/blog\/wp-content\/uploads\/2024\/02\/TRANSPORTISTAS-11-1000x1000.png 1000w, https:\/\/www.pdparacas.com.pe\/blog\/wp-content\/uploads\/2024\/02\/TRANSPORTISTAS-11-800x800.png 800w\" sizes=\"(max-width: 100px) 100vw, 100px\" \/><\/span><span class=\"meta-wrap\"><span class=\"post-title\">PUERTO DE PARACAS REALIZ\u00d3 CHARLA DE SENSIBILIZACI\u00d3N DIRIGIDA A M\u00c1S DE 60 TRANSPORTISTAS DE CARGA<\/span> <span class=\"post-date\">21 febrero, 2024<\/span><\/span><\/a><\/li><li class=\"has-img\"><a href=\"https:\/\/www.pdparacas.com.pe\/blog\/comunidad-de-pisco-visito-unidades-navales-que-arribaron-a-nuestro-puerto-de-paracas\/\"> <span class=\"popular-featured-img\"><img width=\"100\" height=\"100\" src=\"https:\/\/www.pdparacas.com.pe\/blog\/wp-content\/uploads\/2024\/02\/BAP-4-100x100.png\" class=\"attachment-portfolio-widget size-portfolio-widget wp-post-image\" alt=\"\" loading=\"lazy\" title=\"\" srcset=\"https:\/\/www.pdparacas.com.pe\/blog\/wp-content\/uploads\/2024\/02\/BAP-4-100x100.png 100w, https:\/\/www.pdparacas.com.pe\/blog\/wp-content\/uploads\/2024\/02\/BAP-4-150x150.png 150w, https:\/\/www.pdparacas.com.pe\/blog\/wp-content\/uploads\/2024\/02\/BAP-4-140x140.png 140w, https:\/\/www.pdparacas.com.pe\/blog\/wp-content\/uploads\/2024\/02\/BAP-4-500x500.png 500w, https:\/\/www.pdparacas.com.pe\/blog\/wp-content\/uploads\/2024\/02\/BAP-4-350x350.png 350w, https:\/\/www.pdparacas.com.pe\/blog\/wp-content\/uploads\/2024\/02\/BAP-4-1000x1000.png 1000w, https:\/\/www.pdparacas.com.pe\/blog\/wp-content\/uploads\/2024\/02\/BAP-4-800x800.png 800w\" sizes=\"(max-width: 100px) 100vw, 100px\" \/><\/span><span class=\"meta-wrap\"><span class=\"post-title\">COMUNIDAD DE PISCO VISIT\u00d3 UNIDADES NAVALES QUE ARRIBARON A NUESTRO PUERTO DE PARACAS.<\/span> <span class=\"post-date\">17 febrero, 2024<\/span><\/span><\/a><\/li><li class=\"has-img\"><a href=\"https:\/\/www.pdparacas.com.pe\/blog\/cesar-rojas-gerente-de-operaciones-de-puerto-de-paracas-destaco-la-versatilidad-eficiencia-y-modernidad-de-nuestro-terminal-en-una-charla-organizada-por-el-capitulo-de-la-certificacion-basc-en-peru\/\"> <span class=\"popular-featured-img\"><img width=\"100\" height=\"100\" src=\"https:\/\/www.pdparacas.com.pe\/blog\/wp-content\/uploads\/2024\/02\/basc-3-100x100.jpg\" class=\"attachment-portfolio-widget size-portfolio-widget wp-post-image\" alt=\"\" loading=\"lazy\" title=\"\" srcset=\"https:\/\/www.pdparacas.com.pe\/blog\/wp-content\/uploads\/2024\/02\/basc-3-100x100.jpg 100w, https:\/\/www.pdparacas.com.pe\/blog\/wp-content\/uploads\/2024\/02\/basc-3-300x300.jpg 300w, https:\/\/www.pdparacas.com.pe\/blog\/wp-content\/uploads\/2024\/02\/basc-3-150x150.jpg 150w, https:\/\/www.pdparacas.com.pe\/blog\/wp-content\/uploads\/2024\/02\/basc-3-768x768.jpg 768w, https:\/\/www.pdparacas.com.pe\/blog\/wp-content\/uploads\/2024\/02\/basc-3-140x140.jpg 140w, https:\/\/www.pdparacas.com.pe\/blog\/wp-content\/uploads\/2024\/02\/basc-3-500x500.jpg 500w, https:\/\/www.pdparacas.com.pe\/blog\/wp-content\/uploads\/2024\/02\/basc-3-350x350.jpg 350w, https:\/\/www.pdparacas.com.pe\/blog\/wp-content\/uploads\/2024\/02\/basc-3.jpg 800w\" sizes=\"(max-width: 100px) 100vw, 100px\" \/><\/span><span class=\"meta-wrap\"><span class=\"post-title\">C\u00c9SAR ROJAS, GERENTE DE OPERACIONES DE PUERTO DE PARACAS, DESTAC\u00d3 LA VERSATILIDAD, EFICIENCIA Y MODERNIDAD DE NUESTRO TERMINAL EN UNA CHARLA ORGANIZADA POR EL CAP\u00cdTULO DE LA CERTIFICACI\u00d3N BASC EN PER\u00da.<\/span> <span class=\"post-date\">16 febrero, 2024<\/span><\/span><\/a><\/li>\t\t<\/ul>\r\n\t\t<\/div>\t\t<\/div><!--\/span_3-->\r\n   \r\n\t<\/div>\r\n\t\r\n\t[\/vc_column][\/vc_row]\n","protected":false},"excerpt":{"rendered":"<p>[vc_row type=\u00bbfull_width_content\u00bb full_screen_row_position=\u00bbmiddle\u00bb scene_position=\u00bbcenter\u00bb text_color=\u00bbdark\u00bb text_align=\u00bbleft\u00bb overlay_strength=\u00bb0.3&#8243; shape_divider_position=\u00bbbottom\u00bb shape_type=\u00bb\u00bb][vc_column column_padding=\u00bbno-extra-padding\u00bb column_padding_position=\u00bball\u00bb background_color_opacity=\u00bb1&#8243; background_hover_color_opacity=\u00bb1&#8243; column_link_target=\u00bb_self\u00bb column_shadow=\u00bbnone\u00bb&#8230;<\/p>\n","protected":false},"author":13,"featured_media":0,"parent":0,"menu_order":0,"comment_status":"closed","ping_status":"closed","template":"","meta":[],"better_featured_image":null,"yoast_head":"<!-- This site is optimized with the Yoast SEO plugin v16.8 - https:\/\/yoast.com\/wordpress\/plugins\/seo\/ -->\n<title>Ultimate Blog Landing - Puerto de Paracas - Blog<\/title>\n<meta name=\"robots\" content=\"index, follow, max-snippet:-1, max-image-preview:large, max-video-preview:-1\" \/>\n<link rel=\"canonical\" href=\"https:\/\/www.pdparacas.com.pe\/blog\/\" \/>\n<meta property=\"og:locale\" content=\"es_ES\" \/>\n<meta property=\"og:type\" content=\"article\" \/>\n<meta property=\"og:title\" content=\"Ultimate Blog Landing - Puerto de Paracas - Blog\" \/>\n<meta property=\"og:description\" content=\"[vc_row type=\u00bbfull_width_content\u00bb full_screen_row_position=\u00bbmiddle\u00bb scene_position=\u00bbcenter\u00bb text_color=\u00bbdark\u00bb text_align=\u00bbleft\u00bb overlay_strength=\u00bb0.3&#8243; shape_divider_position=\u00bbbottom\u00bb shape_type=\u00bb\u00bb][vc_column column_padding=\u00bbno-extra-padding\u00bb column_padding_position=\u00bball\u00bb background_color_opacity=\u00bb1&#8243; background_hover_color_opacity=\u00bb1&#8243; column_link_target=\u00bb_self\u00bb column_shadow=\u00bbnone\u00bb...\" \/>\n<meta property=\"og:url\" content=\"https:\/\/www.pdparacas.com.pe\/blog\/\" \/>\n<meta property=\"og:site_name\" content=\"Puerto de Paracas - Blog\" \/>\n<meta name=\"twitter:card\" content=\"summary_large_image\" \/>\n<meta name=\"twitter:label1\" content=\"Tiempo de lectura\" \/>\n\t<meta name=\"twitter:data1\" content=\"2 minutos\" \/>\n<script type=\"application\/ld+json\" class=\"yoast-schema-graph\">{\"@context\":\"https:\/\/schema.org\",\"@graph\":[{\"@type\":\"WebSite\",\"@id\":\"https:\/\/www.pdparacas.com.pe\/blog\/#website\",\"url\":\"https:\/\/www.pdparacas.com.pe\/blog\/\",\"name\":\"Puerto de Paracas - Blog\",\"description\":\"\",\"potentialAction\":[{\"@type\":\"SearchAction\",\"target\":{\"@type\":\"EntryPoint\",\"urlTemplate\":\"https:\/\/www.pdparacas.com.pe\/blog\/?s={search_term_string}\"},\"query-input\":\"required name=search_term_string\"}],\"inLanguage\":\"es\"},{\"@type\":\"WebPage\",\"@id\":\"https:\/\/www.pdparacas.com.pe\/blog\/#webpage\",\"url\":\"https:\/\/www.pdparacas.com.pe\/blog\/\",\"name\":\"Ultimate Blog Landing - Puerto de Paracas - Blog\",\"isPartOf\":{\"@id\":\"https:\/\/www.pdparacas.com.pe\/blog\/#website\"},\"datePublished\":\"2017-09-04T19:49:06+00:00\",\"dateModified\":\"2017-09-04T19:49:06+00:00\",\"breadcrumb\":{\"@id\":\"https:\/\/www.pdparacas.com.pe\/blog\/#breadcrumb\"},\"inLanguage\":\"es\",\"potentialAction\":[{\"@type\":\"ReadAction\",\"target\":[\"https:\/\/www.pdparacas.com.pe\/blog\/\"]}]},{\"@type\":\"BreadcrumbList\",\"@id\":\"https:\/\/www.pdparacas.com.pe\/blog\/#breadcrumb\",\"itemListElement\":[{\"@type\":\"ListItem\",\"position\":1,\"name\":\"Portada\",\"item\":\"https:\/\/www.pdparacas.com.pe\/blog\/\"},{\"@type\":\"ListItem\",\"position\":2,\"name\":\"Ultimate Blog Landing\"}]}]}<\/script>\n<!-- \/ Yoast SEO plugin. -->","yoast_head_json":{"title":"Ultimate Blog Landing - Puerto de Paracas - Blog","robots":{"index":"index","follow":"follow","max-snippet":"max-snippet:-1","max-image-preview":"max-image-preview:large","max-video-preview":"max-video-preview:-1"},"canonical":"https:\/\/www.pdparacas.com.pe\/blog\/","og_locale":"es_ES","og_type":"article","og_title":"Ultimate Blog Landing - Puerto de Paracas - Blog","og_description":"[vc_row type=\u00bbfull_width_content\u00bb full_screen_row_position=\u00bbmiddle\u00bb scene_position=\u00bbcenter\u00bb text_color=\u00bbdark\u00bb text_align=\u00bbleft\u00bb overlay_strength=\u00bb0.3&#8243; shape_divider_position=\u00bbbottom\u00bb shape_type=\u00bb\u00bb][vc_column column_padding=\u00bbno-extra-padding\u00bb column_padding_position=\u00bball\u00bb background_color_opacity=\u00bb1&#8243; background_hover_color_opacity=\u00bb1&#8243; column_link_target=\u00bb_self\u00bb column_shadow=\u00bbnone\u00bb...","og_url":"https:\/\/www.pdparacas.com.pe\/blog\/","og_site_name":"Puerto de Paracas - Blog","twitter_card":"summary_large_image","twitter_misc":{"Tiempo de lectura":"2 minutos"},"schema":{"@context":"https:\/\/schema.org","@graph":[{"@type":"WebSite","@id":"https:\/\/www.pdparacas.com.pe\/blog\/#website","url":"https:\/\/www.pdparacas.com.pe\/blog\/","name":"Puerto de Paracas - Blog","description":"","potentialAction":[{"@type":"SearchAction","target":{"@type":"EntryPoint","urlTemplate":"https:\/\/www.pdparacas.com.pe\/blog\/?s={search_term_string}"},"query-input":"required name=search_term_string"}],"inLanguage":"es"},{"@type":"WebPage","@id":"https:\/\/www.pdparacas.com.pe\/blog\/#webpage","url":"https:\/\/www.pdparacas.com.pe\/blog\/","name":"Ultimate Blog Landing - Puerto de Paracas - Blog","isPartOf":{"@id":"https:\/\/www.pdparacas.com.pe\/blog\/#website"},"datePublished":"2017-09-04T19:49:06+00:00","dateModified":"2017-09-04T19:49:06+00:00","breadcrumb":{"@id":"https:\/\/www.pdparacas.com.pe\/blog\/#breadcrumb"},"inLanguage":"es","potentialAction":[{"@type":"ReadAction","target":["https:\/\/www.pdparacas.com.pe\/blog\/"]}]},{"@type":"BreadcrumbList","@id":"https:\/\/www.pdparacas.com.pe\/blog\/#breadcrumb","itemListElement":[{"@type":"ListItem","position":1,"name":"Portada","item":"https:\/\/www.pdparacas.com.pe\/blog\/"},{"@type":"ListItem","position":2,"name":"Ultimate Blog Landing"}]}]}},"_links":{"self":[{"href":"https:\/\/www.pdparacas.com.pe\/blog\/wp-json\/wp\/v2\/pages\/5777"}],"collection":[{"href":"https:\/\/www.pdparacas.com.pe\/blog\/wp-json\/wp\/v2\/pages"}],"about":[{"href":"https:\/\/www.pdparacas.com.pe\/blog\/wp-json\/wp\/v2\/types\/page"}],"author":[{"embeddable":true,"href":"https:\/\/www.pdparacas.com.pe\/blog\/wp-json\/wp\/v2\/users\/13"}],"replies":[{"embeddable":true,"href":"https:\/\/www.pdparacas.com.pe\/blog\/wp-json\/wp\/v2\/comments?post=5777"}],"version-history":[{"count":0,"href":"https:\/\/www.pdparacas.com.pe\/blog\/wp-json\/wp\/v2\/pages\/5777\/revisions"}],"wp:attachment":[{"href":"https:\/\/www.pdparacas.com.pe\/blog\/wp-json\/wp\/v2\/media?parent=5777"}],"curies":[{"name":"wp","href":"https:\/\/api.w.org\/{rel}","templated":true}]}}